{"id":243,"date":"2018-08-13T05:44:21","date_gmt":"2018-08-13T05:44:21","guid":{"rendered":"https:\/\/demo.themegrill.com\/zakra-cafe\/?page_id=2"},"modified":"2026-07-17T20:09:00","modified_gmt":"2026-07-17T20:09:00","slug":"home","status":"publish","type":"page","link":"https:\/\/dermatostephany.com.br\/","title":{"rendered":"Dermato Stephany"},"content":{"rendered":"<p><img loading=\"lazy\" decoding=\"async\" src=\"http:\/\/dermatostephany.com.br\/wp-content\/uploads\/2022\/08\/Stephany-Ceolin_Marca-principal-01-300x91.png\" sizes=\"auto, (max-width: 300px) 100vw, 300px\" srcset=\"https:\/\/dermatostephany.com.br\/wp-content\/uploads\/2022\/08\/Stephany-Ceolin_Marca-principal-01-300x91.png 300w, https:\/\/dermatostephany.com.br\/wp-content\/uploads\/2022\/08\/Stephany-Ceolin_Marca-principal-01-1024x311.png 1024w, https:\/\/dermatostephany.com.br\/wp-content\/uploads\/2022\/08\/Stephany-Ceolin_Marca-principal-01-768x233.png 768w, https:\/\/dermatostephany.com.br\/wp-content\/uploads\/2022\/08\/Stephany-Ceolin_Marca-principal-01-1536x466.png 1536w, https:\/\/dermatostephany.com.br\/wp-content\/uploads\/2022\/08\/Stephany-Ceolin_Marca-principal-01-2048x622.png 2048w\" alt=\"\" width=\"300\" height=\"91\" \/><\/p>\n<h2>Dra. Stephany Mainardi Ceolin<\/h2>\n<p>M\u00e9dica dermatologista especialista pela Sociedade Brasileira de Dermatologia (SBD), pelo Minist\u00e9rio de Educa\u00e7\u00e3o (MEC), pela Associa\u00e7\u00e3o M\u00e9dica Brasileira (AMB) e pelo Conselho Regional de Medicina do Rio Grande do Sul (CREMERS)<\/p>\n<p>CRM 37388 | RQE 37771<\/p>\n<p><a role=\"button\" href=\"https:\/\/api.whatsapp.com\/send?phone=5551999455395&amp;text=Ol%C3%A1!%20Como%20posso%20ajudar%3F\"><br \/>\nQuero agendar uma avalia\u00e7\u00e3o<br \/>\n<\/a><br \/>\n<img loading=\"lazy\" decoding=\"async\" src=\"http:\/\/dermatostephany.com.br\/wp-content\/uploads\/2022\/08\/jup8752-scaled-e1659975288905-678x1024.jpg\" sizes=\"auto, (max-width: 678px) 100vw, 678px\" srcset=\"https:\/\/dermatostephany.com.br\/wp-content\/uploads\/2022\/08\/jup8752-scaled-e1659975288905-678x1024.jpg 678w, https:\/\/dermatostephany.com.br\/wp-content\/uploads\/2022\/08\/jup8752-scaled-e1659975288905-199x300.jpg 199w, https:\/\/dermatostephany.com.br\/wp-content\/uploads\/2022\/08\/jup8752-scaled-e1659975288905-768x1159.jpg 768w, https:\/\/dermatostephany.com.br\/wp-content\/uploads\/2022\/08\/jup8752-scaled-e1659975288905-1018x1536.jpg 1018w, https:\/\/dermatostephany.com.br\/wp-content\/uploads\/2022\/08\/jup8752-scaled-e1659975288905-1357x2048.jpg 1357w, https:\/\/dermatostephany.com.br\/wp-content\/uploads\/2022\/08\/jup8752-scaled-e1659975288905.jpg 1696w\" alt=\"\" width=\"678\" height=\"1024\" \/><\/p>\n<h3>A dermatologista<\/h3>\n<p><img loading=\"lazy\" decoding=\"async\" src=\"http:\/\/dermatostephany.com.br\/wp-content\/uploads\/2023\/01\/Untitled-1.jpg\" sizes=\"auto, (max-width: 423px) 100vw, 423px\" srcset=\"https:\/\/dermatostephany.com.br\/wp-content\/uploads\/2023\/01\/Untitled-1.jpg 423w, https:\/\/dermatostephany.com.br\/wp-content\/uploads\/2023\/01\/Untitled-1-269x300.jpg 269w\" alt=\"\" width=\"423\" height=\"471\" \/><\/p>\n<h2>STEPHANY MAINARDI CEOLIN<\/h2>\n<p>M\u00e9dica com mais de 14 anos de atua\u00e7\u00e3o e cerca de 11 anos se dedicando a dermatologia cl\u00ednica, cir\u00fargica e est\u00e9tica.<\/p>\n<p>Stephany \u00e9 formada pela Universidade Luterana do Brasil (ULBRA), \u00e9 Dermatologista pela AMB (Associa\u00e7\u00e3o M\u00e9dica Brasileira), CREMERS (Conselho Regional de Medicina do Estado do Rio Grande do Sul) e membro titular da SBD (Sociedade Brasileira de Dermatologia).<\/p>\n<p>\u00c9 P\u00f3s Graduada em Cosmiatria, Laser e Procedimentos pelo Hospital Israelita Albert Einstein de SP e tamb\u00e9m em Cirurgia Dermatol\u00f3gica pelo Instituto IMS &#8211; Hospital Nossa Senhora da Sa\u00fade, Santa Casa de Miseric\u00f3rdia do RJ.<\/p>\n<p>Pratica uma medicina individualizada, com \u00e9tica e responsabilidade. Ajuda as pessoas a ter mais qualidade de vida, auto estima e conquistar a melhor vers\u00e3o de si mesmas, aliando sa\u00fade, beleza e bem-estar.<\/p>\n<p>Participa frequentemente de cursos, congressos, treinamentos e atualiza\u00e7\u00f5es nacionais e internacionais para oferecer o que h\u00e1 de melhor e mais moderno aos seus pacientes.<\/p>\n<h3>\u00c1REAS DE ATUA\u00c7\u00c3O<\/h3>\n<p><img loading=\"lazy\" decoding=\"async\" src=\"http:\/\/dermatostephany.com.br\/wp-content\/uploads\/2022\/08\/sobremim-02.png\" sizes=\"auto, (max-width: 1775px) 100vw, 1775px\" srcset=\"https:\/\/dermatostephany.com.br\/wp-content\/uploads\/2022\/08\/sobremim-02.png 1775w, https:\/\/dermatostephany.com.br\/wp-content\/uploads\/2022\/08\/sobremim-02-300x294.png 300w, https:\/\/dermatostephany.com.br\/wp-content\/uploads\/2022\/08\/sobremim-02-1024x1002.png 1024w, https:\/\/dermatostephany.com.br\/wp-content\/uploads\/2022\/08\/sobremim-02-768x752.png 768w, https:\/\/dermatostephany.com.br\/wp-content\/uploads\/2022\/08\/sobremim-02-1536x1503.png 1536w\" alt=\"\" width=\"1775\" height=\"1737\" \/><\/p>\n<h3>Dermatologia<br \/>\nCl\u00ednica<\/h3>\n<p>A dermatologia cl\u00ednica abrange:<\/p>\n<p>O diagn\u00f3stico, tratamento e acompanhamento de doen\u00e7as agudas e\/ou cr\u00f4nicas de pele, cabelos e unhas, como Acne, Melasma, Dermatites, Psor\u00edase, Ros\u00e1cea, Vitiligo, Micoses, Verrugas, Alopecias (queda de cabelo), Foliculites, entre outras;<\/p>\n<p>Avalia\u00e7\u00e3o de les\u00f5es, pintas e sinais para diagn\u00f3stico e tratamento de c\u00e2ncer de pele.<\/p>\n<p><img loading=\"lazy\" decoding=\"async\" src=\"http:\/\/dermatostephany.com.br\/wp-content\/uploads\/2022\/08\/sobremim-04-1024x1002.png\" sizes=\"auto, (max-width: 812px) 100vw, 812px\" srcset=\"https:\/\/dermatostephany.com.br\/wp-content\/uploads\/2022\/08\/sobremim-04-1024x1002.png 1024w, https:\/\/dermatostephany.com.br\/wp-content\/uploads\/2022\/08\/sobremim-04-300x294.png 300w, https:\/\/dermatostephany.com.br\/wp-content\/uploads\/2022\/08\/sobremim-04-768x752.png 768w, https:\/\/dermatostephany.com.br\/wp-content\/uploads\/2022\/08\/sobremim-04-1536x1503.png 1536w, https:\/\/dermatostephany.com.br\/wp-content\/uploads\/2022\/08\/sobremim-04.png 1775w\" alt=\"\" width=\"812\" height=\"795\" \/><\/p>\n<h3>Dermatologia Est\u00e9tica<\/h3>\n<p>A dermatologia est\u00e9tica abrange:<\/p>\n<p>Avalia\u00e7\u00e3o da qualidade da pele e da estrutura facial e corporal com indica\u00e7\u00e3o de procedimentos que visam o embelezamento.<\/p>\n<p>Aplica\u00e7\u00e3o de toxina botul\u00ednica, preenchimento, harmoniza\u00e7\u00e3o ou embelezamento com \u00e1cido hialur\u00f4nico, peeling, Ultraformer, Bioestimuladores de col\u00e1geno como Sculptra e Radiesse, MMP (microinfus\u00e3o de medicamentos na pele), Laser, entre outros tratamentos.<\/p>\n<p>A indica\u00e7\u00e3o \u00e9 sempre individualizada e com\u00a0 senso est\u00e9tico apurado. visando naturalidade e preservando as caracter\u00edsticas de cada um.<\/p>\n<p><img loading=\"lazy\" decoding=\"async\" src=\"http:\/\/dermatostephany.com.br\/wp-content\/uploads\/2022\/08\/sobremim-03-1024x1002.png\" sizes=\"auto, (max-width: 812px) 100vw, 812px\" srcset=\"https:\/\/dermatostephany.com.br\/wp-content\/uploads\/2022\/08\/sobremim-03-1024x1002.png 1024w, https:\/\/dermatostephany.com.br\/wp-content\/uploads\/2022\/08\/sobremim-03-300x294.png 300w, https:\/\/dermatostephany.com.br\/wp-content\/uploads\/2022\/08\/sobremim-03-768x752.png 768w, https:\/\/dermatostephany.com.br\/wp-content\/uploads\/2022\/08\/sobremim-03-1536x1503.png 1536w, https:\/\/dermatostephany.com.br\/wp-content\/uploads\/2022\/08\/sobremim-03.png 1775w\" alt=\"\" width=\"812\" height=\"795\" \/><\/p>\n<h3>Dermatologia Cir\u00fargica<\/h3>\n<p>A dermatologia cir\u00fargica abrange:<\/p>\n<p>Cauteriza\u00e7\u00e3o de les\u00f5es pr\u00e9-malignas, verrugas e manchas:<\/p>\n<p>Bi\u00f3psias para diagn\u00f3stico de doen\u00e7as ou c\u00e2ncer de pele;<\/p>\n<p>Tratamento cir\u00fargico de tumores de pele como Carcinomas e Melanoma;<\/p>\n<p>Retirada de pintas, sinais, cistos, verrugas, lipomas, acroc\u00f3rdons, entre outros;<\/p>\n<p>Cirurgias de les\u00f5es em couro cabeludo;<\/p>\n<p>Tratamento cir\u00fargico de onicocriptose (unha encravada) e outras les\u00f5es de unha.<\/p>\n<h3>a cl\u00ednica<\/h3>\n<figure><img decoding=\"async\" src=\"http:\/\/dermatostephany.com.br\/wp-content\/uploads\/2024\/03\/WhatsApp-Image-2024-03-05-at-15.40.328.jpeg\" alt=\"WhatsApp Image 2024-03-05 at 15.40.32(8)\" \/><\/figure>\n<figure><img decoding=\"async\" src=\"http:\/\/dermatostephany.com.br\/wp-content\/uploads\/2024\/03\/WhatsApp-Image-2024-03-05-at-15.40.327.jpeg\" alt=\"WhatsApp Image 2024-03-05 at 15.40.32(7)\" \/><\/figure>\n<figure><img decoding=\"async\" src=\"http:\/\/dermatostephany.com.br\/wp-content\/uploads\/2024\/03\/WhatsApp-Image-2024-03-05-at-15.40.326.jpeg\" alt=\"WhatsApp Image 2024-03-05 at 15.40.32(6)\" \/><\/figure>\n<figure><img decoding=\"async\" src=\"http:\/\/dermatostephany.com.br\/wp-content\/uploads\/2024\/03\/WhatsApp-Image-2024-03-05-at-15.40.325.jpeg\" alt=\"WhatsApp Image 2024-03-05 at 15.40.32(5)\" \/><\/figure>\n<figure><img decoding=\"async\" src=\"http:\/\/dermatostephany.com.br\/wp-content\/uploads\/2024\/03\/WhatsApp-Image-2024-03-05-at-15.40.324.jpeg\" alt=\"WhatsApp Image 2024-03-05 at 15.40.32(4)\" \/><\/figure>\n<figure><img decoding=\"async\" src=\"http:\/\/dermatostephany.com.br\/wp-content\/uploads\/2024\/03\/WhatsApp-Image-2024-03-05-at-15.40.323.jpeg\" alt=\"WhatsApp Image 2024-03-05 at 15.40.32(3)\" \/><\/figure>\n<figure><img decoding=\"async\" src=\"http:\/\/dermatostephany.com.br\/wp-content\/uploads\/2024\/03\/WhatsApp-Image-2024-03-05-at-15.40.322.jpeg\" alt=\"WhatsApp Image 2024-03-05 at 15.40.32(2)\" \/><\/figure>\n<figure><img decoding=\"async\" src=\"http:\/\/dermatostephany.com.br\/wp-content\/uploads\/2024\/03\/WhatsApp-Image-2024-03-05-at-15.40.321.jpeg\" alt=\"WhatsApp Image 2024-03-05 at 15.40.32(1)\" \/><\/figure>\n<figure><img decoding=\"async\" src=\"http:\/\/dermatostephany.com.br\/wp-content\/uploads\/2024\/03\/WhatsApp-Image-2024-03-05-at-15.40.32.jpeg\" alt=\"WhatsApp Image 2024-03-05 at 15.40.32\" \/><\/figure>\n<p>Anterior<br \/>\nPr\u00f3ximo<\/p>\n<h2>PROCEDIMENTOS<\/h2>\n<p><a role=\"button\" href=\"https:\/\/dermatostephany.com.br\/?page_id=1163\" rel=\"nofollow\"><br \/>\nToxina Botul\u00ednica<br \/>\n<\/a><br \/>\n<a role=\"button\" href=\"#\"><br \/>\nPreenchimento com \u00e1cido hialur\u00f4nico<br \/>\n<\/a><br \/>\n<a role=\"button\" href=\"#\"><br \/>\nLuz pulsada<br \/>\n<\/a><br \/>\n<a role=\"button\" href=\"#\"><br \/>\nMMP &#8211; Microinfus\u00e3o de Medicamentos na Pele<br \/>\n<\/a><br \/>\n<a role=\"button\" href=\"#\"><br \/>\nRadiesse<br \/>\n<\/a><br \/>\n<a role=\"button\" href=\"#\"><br \/>\nSculptra<br \/>\n<\/a><br \/>\n<a role=\"button\" href=\"#\"><br \/>\nPeeling<br \/>\n<\/a><br \/>\n<a role=\"button\" href=\"#\"><br \/>\nFios de sustenta\u00e7\u00e3o \/ PDO<br \/>\n<\/a><br \/>\n<a role=\"button\" href=\"#\"><br \/>\nSculptra<br \/>\n<\/a><br \/>\n<a role=\"button\" href=\"#\"><br \/>\nLaser<br \/>\n<\/a><br \/>\n<a role=\"button\" href=\"#\"><br \/>\nSkinbooster<br \/>\n<\/a><br \/>\n<a role=\"button\" href=\"#\"><br \/>\nJato de plasma<br \/>\n<\/a><br \/>\n<a role=\"button\" href=\"#\"><br \/>\nMicroagulhamento<br \/>\n<\/a><\/p>\n<h3>OUTROS LOCAIS DE ATENDIMENTO<\/h3>\n<h3>PORTO ALEGRE<\/h3>\n<p>Atendimento particular e conv\u00eanios.<\/p>\n<p>Centro Cl\u00ednico da PUCRS &#8211; Av Ipiranga, 6690, sala 801<\/p>\n<p>Fone: (51) 3336-0890<\/p>\n<p>WhatsApp: (51) 99981-1726<\/p>\n<h3>ARROIO DO TIGRE<\/h3>\n<p>Particular<\/p>\n<p>Rua Dom Guilherme Muller, 1078, sala 103<\/p>\n<p>WhatsApp: (51) 99620-8798<\/p>\n<h3>SALTO DO JACU\u00cd<\/h3>\n<p>Particular<\/p>\n<p>Avenida Pio XII, 1626, sala 01<\/p>\n<p>Fone\/WhatsApp:<br \/>\n(55) 99969-9804<\/p>\n<h2>DEPOIMENTOS<\/h2>\n<p>Sandra Zanardo StieblerA Dra. Stephany \u00e9 aquela m\u00e9dica especial. Extremamente competente, \u00e9tica, demonstra muito conhecimento e te explica tudo, sem pressa na consulta. Ela realmente te d\u00e1 um tratamento individualizado. Estou adorando me tratar com ela que, al\u00e9m de excelente profissional, \u00e9 uma pessoa querida, cheia de simplicidade e empatia.Sharla RechAtenciosa, deixa a vontade, explica de maneira clara, estuda todas as hip\u00f3teses de exames. Entende do que est\u00e1 falando.William SchillingExcelente profissional com explica\u00e7\u00e3o muito clara ao paciente, tanto dos procedimentos quando tratamentos. Recomendo!Gislaine Brum GrinschpunExcel\u00eancia na compet\u00eancia e na qualidade do atendimento. Deixa evidente que cada paciente \u00e9 \u00fanico e especial. Me senti acolhida. Super recomendo.Ilda Ros\u00e1lia ortiz\u00d3tima doutora muito atenciosa e simp\u00e1tica explicou tudo muito calma e bem explicado muito bom atendimentoClaudia MerlinMaravilha, excelente profissional, explicativa.. Vou me organizar e fazer os procedimentos necess\u00e1rios<br \/>\nPrevious<br \/>\nNext<\/p>\n<h3>ACOMPANHE NOSSOS<br \/>\nCONTE\u00daDOS NAS REDES SOCIAIS<\/h3>\n<p><img loading=\"lazy\" decoding=\"async\" src=\"http:\/\/dermatostephany.com.br\/wp-content\/uploads\/2022\/08\/Captura-de-Tela-2022-08-11-a\u0300s-15.58.56.png\" sizes=\"auto, (max-width: 632px) 100vw, 632px\" srcset=\"https:\/\/dermatostephany.com.br\/wp-content\/uploads\/2022\/08\/Captura-de-Tela-2022-08-11-a\u0300s-15.58.56.png 632w, https:\/\/dermatostephany.com.br\/wp-content\/uploads\/2022\/08\/Captura-de-Tela-2022-08-11-a\u0300s-15.58.56-244x300.png 244w\" alt=\"\" width=\"632\" height=\"777\" \/><br \/>\n<img loading=\"lazy\" decoding=\"async\" src=\"http:\/\/dermatostephany.com.br\/wp-content\/uploads\/2022\/08\/Captura-de-Tela-2022-08-11-a\u0300s-15.46.23.png\" sizes=\"auto, (max-width: 630px) 100vw, 630px\" srcset=\"https:\/\/dermatostephany.com.br\/wp-content\/uploads\/2022\/08\/Captura-de-Tela-2022-08-11-a\u0300s-15.46.23.png 630w, https:\/\/dermatostephany.com.br\/wp-content\/uploads\/2022\/08\/Captura-de-Tela-2022-08-11-a\u0300s-15.46.23-244x300.png 244w\" alt=\"\" width=\"630\" height=\"776\" \/><br \/>\n<img loading=\"lazy\" decoding=\"async\" src=\"http:\/\/dermatostephany.com.br\/wp-content\/uploads\/2022\/08\/Captura-de-Tela-2022-08-11-a\u0300s-15.44.46.png\" sizes=\"auto, (max-width: 632px) 100vw, 632px\" srcset=\"https:\/\/dermatostephany.com.br\/wp-content\/uploads\/2022\/08\/Captura-de-Tela-2022-08-11-a\u0300s-15.44.46.png 632w, https:\/\/dermatostephany.com.br\/wp-content\/uploads\/2022\/08\/Captura-de-Tela-2022-08-11-a\u0300s-15.44.46-244x300.png 244w\" alt=\"\" width=\"632\" height=\"778\" \/><br \/>\n<img loading=\"lazy\" decoding=\"async\" src=\"http:\/\/dermatostephany.com.br\/wp-content\/uploads\/2022\/08\/Captura-de-Tela-2022-08-11-a\u0300s-15.35.31-1.png\" sizes=\"auto, (max-width: 631px) 100vw, 631px\" srcset=\"https:\/\/dermatostephany.com.br\/wp-content\/uploads\/2022\/08\/Captura-de-Tela-2022-08-11-a\u0300s-15.35.31-1.png 631w, https:\/\/dermatostephany.com.br\/wp-content\/uploads\/2022\/08\/Captura-de-Tela-2022-08-11-a\u0300s-15.35.31-1-244x300.png 244w\" alt=\"\" width=\"631\" height=\"775\" \/><br \/>\n<a href=\"https:\/\/www.instagram.com\/p\/CaxzJH8JK84\/\" target=\"_blank\" rel=\"noopener\"><br \/>\nInstagram<br \/>\n<\/a><\/p>\n<p>Voc\u00ea deseja ter um rosto firme e com tra\u00e7os marcantes? Saiba que isso \u00e9 poss\u00edvel com o uso da est\u00e9tica avan\u00e7ada.<\/p>\n<p>Podemos utilizar tanto o ultraformer quanto os bioestimuladores de col\u00e1geno para melhorar a qualidade e firmeza da pele, fazendo um efeito lifting tamb\u00e9m, e preenchedores de \u00e1cido hialur\u00f4nico para fazer pontos de ancoragem que sustentam a face e deixar o rosto mais marcado.<\/p>\n<p><a role=\"button\" href=\"https:\/\/www.instagram.com\/p\/CaxzJH8JK84\/\" target=\"_blank\" rel=\"noopener\"><br \/>\nCONTINUAR LENDO&#8230;<br \/>\n<\/a><br \/>\n<a href=\"https:\/\/www.instagram.com\/p\/CaxzJH8JK84\/\" target=\"_blank\" rel=\"noopener\"><br \/>\nInstagram<br \/>\n<\/a><\/p>\n<p>5 coisas que diminuem o efeito do \u201cbotox\u201d<\/p>\n<p>\u2728\ud83d\udc89 A dura\u00e7\u00e3o do efeito da toxina botul\u00ednica (ingrediente ativo do \u201cBotox\u201d) geralmente \u00e9 de 4 a 6 meses. O produto paralisa ou relaxa temporariamente os m\u00fasculos respons\u00e1veis pela m\u00edmica facial e forma\u00e7\u00e3o de algumas das rugas do rosto, num not\u00e1vel efeito rejuvenescedor.<\/p>\n<p>\ud83d\uddd3\ufe0f Mas porque o efeito do Botox parece durar mais em outras pessoas do que em voc\u00ea? N\u00e3o \u00e9 sorte. Voc\u00ea pode estar sendo o culpado com alguns pequenos h\u00e1bitos no seu dia a dia.<\/p>\n<p><a role=\"button\" href=\"https:\/\/www.instagram.com\/p\/CdL_3-gJXSl\/\" target=\"_blank\" rel=\"noopener\"><br \/>\nCONTINUAR LENDO&#8230;<br \/>\n<\/a><br \/>\n<a href=\"https:\/\/www.instagram.com\/p\/CaxzJH8JK84\/\" target=\"_blank\" rel=\"noopener\"><br \/>\nInstagram<br \/>\n<\/a><\/p>\n<p>\u2728\u00c1cido hialur\u00f4nico ou bioestimulador de col\u00e1geno? Esta \u00e9 uma pergunta bastante frequente, vamos l\u00e1&#8230;<\/p>\n<p>Os bioestimuladores s\u00e3o produtos que estimulam as nossas c\u00e9lulas a produzir col\u00e1geno, o que previne e trata a flacidez, evita aquele aspecto derretido do rosto e melhora a qualidade da pele.<br \/>\nSculptra e Radiesse s\u00e3o os mais conhecidos do mercado.<\/p>\n<p><a role=\"button\" href=\"https:\/\/www.instagram.com\/p\/Cfb2gXxrrw2\/\" target=\"_blank\" rel=\"noopener\"><br \/>\nCONTINUAR LENDO&#8230;<br \/>\n<\/a><br \/>\n<a href=\"https:\/\/www.instagram.com\/p\/CaxzJH8JK84\/\" target=\"_blank\" rel=\"noopener\"><br \/>\nInstagram<br \/>\n<\/a><\/p>\n<p>Mais do que mero inc\u00f4modo est\u00e9tico, \u201csinais\u201d e \u201cverrugas\u201d podem indicar problemas de sa\u00fade que merecem aten\u00e7\u00e3o e cuidados m\u00e9dicos. Os sinais aparecem na forma de manchas, pintas com ou sem relevo, da cor da pele ou mais escuras, s\u00e3o muitas as formas de apresenta\u00e7\u00e3o. Embora na maior parte das vezes n\u00e3o representem um problema s\u00e9rio, podem ser les\u00f5es com tend\u00eancia \u00e0 transforma\u00e7\u00e3o em c\u00e2ncer de pele, por isso a import\u00e2ncia de avaliar com um dermatologista.<\/p>\n<p><a role=\"button\" href=\"https:\/\/www.instagram.com\/p\/CeVy_FJOv8_\/\" target=\"_blank\" rel=\"noopener\"><br \/>\nCONTINUAR LENDO&#8230;<br \/>\n<\/a><br \/>\n<img loading=\"lazy\" decoding=\"async\" src=\"http:\/\/dermatostephany.com.br\/wp-content\/uploads\/2022\/08\/Captura-de-Tela-2022-08-11-a\u0300s-15.58.56.png\" sizes=\"auto, (max-width: 632px) 100vw, 632px\" srcset=\"https:\/\/dermatostephany.com.br\/wp-content\/uploads\/2022\/08\/Captura-de-Tela-2022-08-11-a\u0300s-15.58.56.png 632w, https:\/\/dermatostephany.com.br\/wp-content\/uploads\/2022\/08\/Captura-de-Tela-2022-08-11-a\u0300s-15.58.56-244x300.png 244w\" alt=\"\" width=\"632\" height=\"777\" \/><br \/>\n<a href=\"https:\/\/www.instagram.com\/p\/CaxzJH8JK84\/\" target=\"_blank\" rel=\"noopener\"><br \/>\nInstagram<br \/>\n<\/a><\/p>\n<p>Voc\u00ea deseja ter um rosto firme e com tra\u00e7os marcantes? Saiba que isso \u00e9 poss\u00edvel com o uso da est\u00e9tica avan\u00e7ada.<\/p>\n<p>Podemos utilizar tanto o ultraformer quanto os bioestimuladores de col\u00e1geno para melhorar a qualidade e firmeza da pele, fazendo um efeito lifting tamb\u00e9m, e preenchedores de \u00e1cido hialur\u00f4nico para fazer pontos de ancoragem que sustentam a face e deixar o rosto mais marcado.<\/p>\n<p><a role=\"button\" href=\"https:\/\/www.instagram.com\/p\/CaxzJH8JK84\/\" target=\"_blank\" rel=\"noopener\"><br \/>\nCONTINUAR LENDO&#8230;<br \/>\n<\/a><br \/>\n<img loading=\"lazy\" decoding=\"async\" src=\"http:\/\/dermatostephany.com.br\/wp-content\/uploads\/2022\/08\/Captura-de-Tela-2022-08-11-a\u0300s-15.46.23.png\" sizes=\"auto, (max-width: 630px) 100vw, 630px\" srcset=\"https:\/\/dermatostephany.com.br\/wp-content\/uploads\/2022\/08\/Captura-de-Tela-2022-08-11-a\u0300s-15.46.23.png 630w, https:\/\/dermatostephany.com.br\/wp-content\/uploads\/2022\/08\/Captura-de-Tela-2022-08-11-a\u0300s-15.46.23-244x300.png 244w\" alt=\"\" width=\"630\" height=\"776\" \/><br \/>\n<a href=\"https:\/\/www.instagram.com\/p\/CaxzJH8JK84\/\" target=\"_blank\" rel=\"noopener\"><br \/>\nInstagram<br \/>\n<\/a><\/p>\n<p>5 coisas que diminuem o efeito do \u201cbotox\u201d<\/p>\n<p>\u2728\ud83d\udc89 A dura\u00e7\u00e3o do efeito da toxina botul\u00ednica (ingrediente ativo do \u201cBotox\u201d) geralmente \u00e9 de 4 a 6 meses. O produto paralisa ou relaxa temporariamente os m\u00fasculos respons\u00e1veis pela m\u00edmica facial e forma\u00e7\u00e3o de algumas das rugas do rosto, num not\u00e1vel efeito rejuvenescedor.<\/p>\n<p>\ud83d\uddd3\ufe0f Mas porque o efeito do Botox parece durar mais em outras pessoas do que em voc\u00ea? N\u00e3o \u00e9 sorte. Voc\u00ea pode estar sendo o culpado com alguns pequenos h\u00e1bitos no seu dia a dia.<\/p>\n<p><a role=\"button\" href=\"https:\/\/www.instagram.com\/p\/CdL_3-gJXSl\/\" target=\"_blank\" rel=\"noopener\"><br \/>\nCONTINUAR LENDO&#8230;<br \/>\n<\/a><br \/>\n<img loading=\"lazy\" decoding=\"async\" src=\"http:\/\/dermatostephany.com.br\/wp-content\/uploads\/2022\/08\/Captura-de-Tela-2022-08-11-a\u0300s-15.44.46.png\" sizes=\"auto, (max-width: 632px) 100vw, 632px\" srcset=\"https:\/\/dermatostephany.com.br\/wp-content\/uploads\/2022\/08\/Captura-de-Tela-2022-08-11-a\u0300s-15.44.46.png 632w, https:\/\/dermatostephany.com.br\/wp-content\/uploads\/2022\/08\/Captura-de-Tela-2022-08-11-a\u0300s-15.44.46-244x300.png 244w\" alt=\"\" width=\"632\" height=\"778\" \/><br \/>\n<a href=\"https:\/\/www.instagram.com\/p\/CaxzJH8JK84\/\" target=\"_blank\" rel=\"noopener\"><br \/>\nInstagram<br \/>\n<\/a><\/p>\n<p>\u2728\u00c1cido hialur\u00f4nico ou bioestimulador de col\u00e1geno? Esta \u00e9 uma pergunta bastante frequente, vamos l\u00e1&#8230;<\/p>\n<p>Os bioestimuladores s\u00e3o produtos que estimulam as nossas c\u00e9lulas a produzir col\u00e1geno, o que previne e trata a flacidez, evita aquele aspecto derretido do rosto e melhora a qualidade da pele.<br \/>\nSculptra e Radiesse s\u00e3o os mais conhecidos do mercado.<\/p>\n<p><a role=\"button\" href=\"https:\/\/www.instagram.com\/p\/Cfb2gXxrrw2\/\" target=\"_blank\" rel=\"noopener\"><br \/>\nCONTINUAR LENDO&#8230;<br \/>\n<\/a><br \/>\n<img loading=\"lazy\" decoding=\"async\" src=\"http:\/\/dermatostephany.com.br\/wp-content\/uploads\/2022\/08\/Captura-de-Tela-2022-08-11-a\u0300s-15.35.31-1.png\" sizes=\"auto, (max-width: 631px) 100vw, 631px\" srcset=\"https:\/\/dermatostephany.com.br\/wp-content\/uploads\/2022\/08\/Captura-de-Tela-2022-08-11-a\u0300s-15.35.31-1.png 631w, https:\/\/dermatostephany.com.br\/wp-content\/uploads\/2022\/08\/Captura-de-Tela-2022-08-11-a\u0300s-15.35.31-1-244x300.png 244w\" alt=\"\" width=\"631\" height=\"775\" \/><br \/>\n<a href=\"https:\/\/www.instagram.com\/p\/CaxzJH8JK84\/\" target=\"_blank\" rel=\"noopener\"><br \/>\nInstagram<br \/>\n<\/a><\/p>\n<p>Mais do que mero inc\u00f4modo est\u00e9tico, \u201csinais\u201d e \u201cverrugas\u201d podem indicar problemas de sa\u00fade que merecem aten\u00e7\u00e3o e cuidados m\u00e9dicos. Os sinais aparecem na forma de manchas, pintas com ou sem relevo, da cor da pele ou mais escuras, s\u00e3o muitas as formas de apresenta\u00e7\u00e3o. Embora na maior parte das vezes n\u00e3o representem um problema s\u00e9rio, podem ser les\u00f5es com tend\u00eancia \u00e0 transforma\u00e7\u00e3o em c\u00e2ncer de pele, por isso a import\u00e2ncia de avaliar com um dermatologista.<\/p>\n<p><a role=\"button\" href=\"https:\/\/www.instagram.com\/p\/CeVy_FJOv8_\/\" target=\"_blank\" rel=\"noopener\"><br \/>\nCONTINUAR LENDO&#8230;<br \/>\n<\/a><br \/>\n<img loading=\"lazy\" decoding=\"async\" src=\"http:\/\/dermatostephany.com.br\/wp-content\/uploads\/2021\/06\/logo1-02-01-150x150.png\" alt=\"\" width=\"150\" height=\"150\" \/><\/p>\n<ul>\n<li>51 9945-5395<\/li>\n<li>Rua Tobias da Silva 120, sala 1003 &#8211; The Place Moinhos de Ventos<\/li>\n<\/ul>\n<h2>VEJA SOBRE A M\u00c9DICA:<\/h2>\n<p><a href=\"https:\/\/www.doctoralia.com.br\/stephany-mainardi-ceolin\/dermatologista\/cachoeirinha\"><br \/>\n<img loading=\"lazy\" decoding=\"async\" src=\"http:\/\/dermatostephany.com.br\/wp-content\/uploads\/2021\/08\/doctoralia-mktpl-logo-white-300x54.png\" sizes=\"auto, (max-width: 300px) 100vw, 300px\" srcset=\"https:\/\/dermatostephany.com.br\/wp-content\/uploads\/2021\/08\/doctoralia-mktpl-logo-white-300x54.png 300w, https:\/\/dermatostephany.com.br\/wp-content\/uploads\/2021\/08\/doctoralia-mktpl-logo-white-1024x186.png 1024w, https:\/\/dermatostephany.com.br\/wp-content\/uploads\/2021\/08\/doctoralia-mktpl-logo-white-768x139.png 768w, https:\/\/dermatostephany.com.br\/wp-content\/uploads\/2021\/08\/doctoralia-mktpl-logo-white-1536x279.png 1536w, https:\/\/dermatostephany.com.br\/wp-content\/uploads\/2021\/08\/doctoralia-mktpl-logo-white-2048x372.png 2048w\" alt=\"\" width=\"300\" height=\"54\" \/> <\/a><\/p>\n<h2>SIGA NOS:<\/h2>\n<p><a href=\"https:\/\/www.facebook.com\/Stephany-Mainardi-Ceolin-100875908289201\/\" target=\"_blank\" rel=\"noopener\"><br \/>\nFacebook<br \/>\n<\/a><br \/>\n<a href=\"https:\/\/www.instagram.com\/dermato.stephany\/\" target=\"_blank\" rel=\"noopener\"><br \/>\nInstagram<br \/>\n<\/a><\/p>\n<p>CL\u00cdNICA DERMATOL\u00d3GICA &#8211; STEPHANY MAINARDI CEOLIN | TODOS OS DIREITOS RESERVADOS. CNPJ<\/p>\n","protected":false},"excerpt":{"rendered":"<p>Dra. Stephany Mainardi Ceolin M\u00e9dica dermatologista especialista pela Sociedade Brasileira de Dermatologia (SBD), pelo Minist\u00e9rio de Educa\u00e7\u00e3o (MEC), pela Associa\u00e7\u00e3o M\u00e9dica Brasileira (AMB) e pelo Conselho Regional de Medicina do Rio Grande do Sul (CREMERS) CRM 37388 | RQE 37771 Quero agendar uma avalia\u00e7\u00e3o A dermatologista STEPHANY MAINARDI CEOLIN M\u00e9dica com mais de 14 anos [&hellip;]<\/p>\n","protected":false},"author":1,"featured_media":0,"parent":0,"menu_order":0,"comment_status":"closed","ping_status":"closed","template":"elementor_canvas","meta":{"om_disable_all_campaigns":false,"_monsterinsights_skip_tracking":false,"_monsterinsights_sitenote_active":false,"_monsterinsights_sitenote_note":"","_monsterinsights_sitenote_category":0,"footnotes":""},"class_list":["post-243","page","type-page","status-publish","hentry"],"_links":{"self":[{"href":"https:\/\/dermatostephany.com.br\/index.php?rest_route=\/wp\/v2\/pages\/243","targetHints":{"allow":["GET"]}}],"collection":[{"href":"https:\/\/dermatostephany.com.br\/index.php?rest_route=\/wp\/v2\/pages"}],"about":[{"href":"https:\/\/dermatostephany.com.br\/index.php?rest_route=\/wp\/v2\/types\/page"}],"author":[{"embeddable":true,"href":"https:\/\/dermatostephany.com.br\/index.php?rest_route=\/wp\/v2\/users\/1"}],"replies":[{"embeddable":true,"href":"https:\/\/dermatostephany.com.br\/index.php?rest_route=%2Fwp%2Fv2%2Fcomments&post=243"}],"version-history":[{"count":671,"href":"https:\/\/dermatostephany.com.br\/index.php?rest_route=\/wp\/v2\/pages\/243\/revisions"}],"predecessor-version":[{"id":1329,"href":"https:\/\/dermatostephany.com.br\/index.php?rest_route=\/wp\/v2\/pages\/243\/revisions\/1329"}],"wp:attachment":[{"href":"https:\/\/dermatostephany.com.br\/index.php?rest_route=%2Fwp%2Fv2%2Fmedia&parent=243"}],"curies":[{"name":"wp","href":"https:\/\/api.w.org\/{rel}","templated":true}]}}